{"id":235033,"date":"2024-06-11T13:33:51","date_gmt":"2024-06-11T13:33:51","guid":{"rendered":"https:\/\/manage.exporplas\/greentech-amsterdam-2022\/"},"modified":"2024-06-11T13:34:08","modified_gmt":"2024-06-11T13:34:08","slug":"greentech-amsterdam-2022","status":"publish","type":"page","link":"https:\/\/exporplas.pt\/pl\/greentech-amsterdam-2022\/","title":{"rendered":"GreenTech Amsterdam 2022"},"content":{"rendered":"<p>[et_pb_section fb_built=&#8221;1&#8243; _builder_version=&#8221;4.16&#8243; _module_preset=&#8221;default&#8221; background_color=&#8221;#FFFFFF&#8221; background_color_gradient_start=&#8221;#ffffff&#8221; background_color_gradient_end=&#8221;#dddddd&#8221; z_index=&#8221;3&#8243; custom_margin=&#8221;||1px||false|false&#8221; custom_margin_tablet=&#8221;||180px||false|false&#8221; custom_margin_phone=&#8221;||170px||false|false&#8221; custom_margin_last_edited=&#8221;on|phone&#8221; custom_padding=&#8221;45px||45px||false|false&#8221; global_colors_info=&#8221;{}&#8221;][et_pb_row column_structure=&#8221;1_2,1_2&#8243; _builder_version=&#8221;4.17.4&#8243; _module_preset=&#8221;default&#8221; custom_padding=&#8221;0px|||||&#8221; locked=&#8221;off&#8221; global_colors_info=&#8221;{}&#8221;][et_pb_column type=&#8221;1_2&#8243; _builder_version=&#8221;4.16&#8243; _module_preset=&#8221;default&#8221; global_colors_info=&#8221;{}&#8221;][et_pb_image src=&#8221;https:\/\/exporplas.pt\/wp-content\/uploads\/2022\/06\/GREENTECH_2022.png&#8221; title_text=&#8221;GREENTECH_2022<br \/>\n        &#8221; _builder_version=&#8221;4.17.4&#8243; _module_preset=&#8221;default&#8221; global_colors_info=&#8221;{}&#8221;][\/et_pb_image][et_pb_text _builder_version=&#8221;4.18.1&#8243; _module_preset=&#8221;default&#8221; text_font=&#8221;|300|||||||&#8221; text_text_color=&#8221;#1174ee&#8221; text_font_size=&#8221;35px&#8221; text_line_height=&#8221;1.2em&#8221; header_3_font=&#8221;Montserrat|600|||||||&#8221; header_3_text_color=&#8221;#6CAF3F&#8221; header_3_font_size=&#8221;35px&#8221; text_orientation=&#8221;center&#8221; hover_enabled=&#8221;0&#8243; text_font_size_tablet=&#8221;35px&#8221; text_font_size_phone=&#8221;35px&#8221; text_font_size_last_edited=&#8221;on|phone&#8221; header_font_size_tablet=&#8221;&#8221; header_font_size_phone=&#8221;30px&#8221; header_font_size_last_edited=&#8221;on|phone&#8221; header_3_font_size_tablet=&#8221;35px&#8221; header_3_font_size_phone=&#8221;26px&#8221; header_3_font_size_last_edited=&#8221;on|phone&#8221; global_colors_info=&#8221;{}&#8221; sticky_enabled=&#8221;0&#8243;]<\/p>\n<h3 style=\"text-align: left;\"><span data-contrast=\"auto\" lang=\"EN-GB\" class=\"TextRun SCXW255239684 BCX4\"><span class=\"NormalTextRun SCXW255239684 BCX4\">EXPORPL\u00c1S <\/span><\/span><span data-contrast=\"auto\" lang=\"EN-GB\" class=\"TextRun SCXW255239684 BCX4\"><span class=\"NormalTextRun SCXW255239684 BCX4\">NA TARGACH GREENTECH AMSTERDAM<\/span><\/span><\/h3>\n<p>[\/et_pb_text][et_pb_text _builder_version=&#8221;4.18.1&#8243; _module_preset=&#8221;default&#8221; hover_enabled=&#8221;0&#8243; locked=&#8221;off&#8221; global_colors_info=&#8221;{}&#8221; header_font=&#8221;Montserrat||||||||&#8221; sticky_enabled=&#8221;0&#8243;]<\/p>\n<h1 style=\"text-align: left;\"><em>To nie takie proste, jak Ci si\u0119 wydaje!<br \/>\n        <\/em><\/h1>\n<p>&nbsp;<\/p>\n<p>Czy wiesz, \u017ce zanim prz\u0119dza ogrodnicza trafi do u\u017cytku, musi spe\u0142ni\u0107 szereg wymaga\u0144 technicznych, kt\u00f3re cho\u0107 pozornie proste, maj\u0105 ogromny wp\u0142yw na jej wydajno\u015b\u0107?<br \/>\n         To nie takie proste, jak Ci si\u0119 wydaje.\n        <\/p>\n<p>[\/et_pb_text][et_pb_text _builder_version=&#8221;4.17.4&#8243; _module_preset=&#8221;default&#8221; locked=&#8221;off&#8221; global_colors_info=&#8221;{}&#8221;]<\/p>\n<p>Cechy takie jak odporno\u015b\u0107 na zu\u017cycie, bezskr\u0119tne swobodne opadanie, mi\u0119kko\u015b\u0107 i elastyczno\u015b\u0107, a tak\u017ce stabilna ochrona przed promieniami UV, s\u0105 stale badane i rozwijane w dziale bada\u0144 i rozwoju EXPORPL\u00c1S.\n        <\/p>\n<p>&nbsp;<\/p>\n<p>Nieustannie d\u0105\u017cymy do poprawy r\u00f3wnowagi mi\u0119dzy r\u00f3\u017cnymi w\u0142a\u015bciwo\u015bciami, kt\u00f3re decyduj\u0105 o wydajno\u015bci naszej gamy produkt\u00f3w.\n        <\/p>\n<p>[\/et_pb_text][\/et_pb_column][et_pb_column type=&#8221;1_2&#8243; _builder_version=&#8221;4.17.4&#8243; _module_preset=&#8221;default&#8221; global_colors_info=&#8221;{}&#8221;][et_pb_text _builder_version=&#8221;4.18.1&#8243; _module_preset=&#8221;default&#8221; hover_enabled=&#8221;0&#8243; locked=&#8221;off&#8221; global_colors_info=&#8221;{}&#8221; header_font=&#8221;Montserrat||||||||&#8221; sticky_enabled=&#8221;0&#8243;]<\/p>\n<h1 style=\"text-align: left;\">Produkty w 100% nadaj\u0105ce si\u0119 do recyklingu<br \/>\n        <\/h1>\n<p>&nbsp;<\/p>\n<p>Podczas tej edycji targ\u00f3w GREENTECH AMSTERDAM zaprezentujemy r\u00f3wnie\u017c szerok\u0105 gam\u0119 produkt\u00f3w mi\u0119dzysektorowych, takich jak gama EVOPACK \u2013 skuteczne i przyjazne dla \u015brodowiska rozwi\u0105zanie do ochrony produkt\u00f3w.<br \/>\n        <br \/>Nasza gama EVOPACK jest nie tylko wielofunkcyjna, ale tak\u017ce ZR\u00d3WNOWA\u017bONA.\n        <\/p>\n<p>&nbsp;<\/p>\n<h1 style=\"text-align: left;\">Spotkajmy si\u0119!<br \/>\n        <\/h1>\n<p>[\/et_pb_text][et_pb_image src=&#8221;https:\/\/exporplas.pt\/wp-content\/uploads\/2022\/06\/Stand1_Op.jpg&#8221; title_text=&#8221;Stand1_Op<br \/>\n        &#8221; _builder_version=&#8221;4.17.4&#8243; _module_preset=&#8221;default&#8221; global_colors_info=&#8221;{}&#8221;][\/et_pb_image][et_pb_image src=&#8221;https:\/\/exporplas.pt\/wp-content\/uploads\/2022\/06\/Entrance1_Op.jpg&#8221; title_text=&#8221;Entrance1_Op<br \/>\n        &#8221; _builder_version=&#8221;4.17.4&#8243; _module_preset=&#8221;default&#8221; global_colors_info=&#8221;{}&#8221;][\/et_pb_image][\/et_pb_column][\/et_pb_row][\/et_pb_section]<\/p>\n","protected":false},"excerpt":{"rendered":"<p>EXPORPL\u00c1S NA TARGACH GREENTECH AMSTERDAMTo nie takie proste, jak Ci si\u0119 wydaje! &nbsp; Czy wiesz, \u017ce zanim prz\u0119dza ogrodnicza trafi do u\u017cytku, musi spe\u0142ni\u0107 szereg wymaga\u0144 technicznych, kt\u00f3re cho\u0107 pozornie proste, maj\u0105 ogromny wp\u0142yw na jej wydajno\u015b\u0107? To nie takie proste, jak Ci si\u0119 wydaje. Cechy takie jak odporno\u015b\u0107 na zu\u017cycie, bezskr\u0119tne swobodne opadanie, mi\u0119kko\u015b\u0107 i elastyczno\u015b\u0107, a tak\u017ce stabilna ochrona przed promieniami UV, s\u0105 stale badane i rozwijane w dziale bada\u0144 i rozwoju EXPORPL\u00c1S. &nbsp; Nieustannie d\u0105\u017cymy do poprawy r\u00f3wnowagi mi\u0119dzy r\u00f3\u017cnymi w\u0142a\u015bciwo\u015bciami, kt\u00f3re decyduj\u0105 o wydajno\u015bci naszej gamy produkt\u00f3w. Produkty w 100% nadaj\u0105ce si\u0119 do recyklingu &nbsp; Podczas tej edycji targ\u00f3w GREENTECH AMSTERDAM zaprezentujemy r\u00f3wnie\u017c szerok\u0105 gam\u0119 produkt\u00f3w mi\u0119dzysektorowych, takich jak gama EVOPACK \u2013 skuteczne i przyjazne dla \u015brodowiska rozwi\u0105zanie do ochrony produkt\u00f3w. Nasza gama EVOPACK jest nie tylko wielofunkcyjna, ale tak\u017ce ZR\u00d3WNOWA\u017bONA. &nbsp; Spotkajmy si\u0119!<\/p>\n","protected":false},"author":0,"featured_media":0,"parent":0,"menu_order":0,"comment_status":"closed","ping_status":"closed","template":"","meta":{"_et_pb_use_builder":"on","_et_pb_old_content":"","_et_gb_content_width":"","footnotes":""},"class_list":["post-235033","page","type-page","status-publish","hentry"],"_links":{"self":[{"href":"https:\/\/exporplas.pt\/pl\/wp-json\/wp\/v2\/pages\/235033","targetHints":{"allow":["GET"]}}],"collection":[{"href":"https:\/\/exporplas.pt\/pl\/wp-json\/wp\/v2\/pages"}],"about":[{"href":"https:\/\/exporplas.pt\/pl\/wp-json\/wp\/v2\/types\/page"}],"replies":[{"embeddable":true,"href":"https:\/\/exporplas.pt\/pl\/wp-json\/wp\/v2\/comments?post=235033"}],"version-history":[{"count":0,"href":"https:\/\/exporplas.pt\/pl\/wp-json\/wp\/v2\/pages\/235033\/revisions"}],"wp:attachment":[{"href":"https:\/\/exporplas.pt\/pl\/wp-json\/wp\/v2\/media?parent=235033"}],"curies":[{"name":"wp","href":"https:\/\/api.w.org\/{rel}","templated":true}]}}