{"id":225840,"date":"2021-10-08T11:53:12","date_gmt":"2021-10-08T11:53:12","guid":{"rendered":"https:\/\/manage.exporplas\/proyectos\/"},"modified":"2023-04-18T15:14:13","modified_gmt":"2023-04-18T15:14:13","slug":"proyectos","status":"publish","type":"page","link":"https:\/\/exporplas.pt\/es\/proyectos\/","title":{"rendered":"PROYECTOS"},"content":{"rendered":"<p>[et_pb_section fb_built=\u00bb1&#8243; _builder_version=\u00bb4.16&#8243; _module_preset=\u00bbdefault\u00bb global_colors_info=\u00bb{}\u00bb][et_pb_row _builder_version=\u00bb4.16&#8243; _module_preset=\u00bbdefault\u00bb locked=\u00bboff\u00bb global_colors_info=\u00bb{}\u00bb][et_pb_column type=\u00bb4_4&#8243; _builder_version=\u00bb4.16&#8243; _module_preset=\u00bbdefault\u00bb global_colors_info=\u00bb{}\u00bb][et_pb_text _builder_version=\u00bb4.18.1&#8243; _module_preset=\u00bbad3c469a-73a4-4c1e-8e67-4ce21c3633ec\u00bb text_text_color=\u00bb#6caf3f\u00bb text_font_size=\u00bb19px\u00bb header_2_text_align=\u00bbcenter\u00bb header_2_text_color=\u00bb#6caf3f\u00bb locked=\u00bboff\u00bb global_colors_info=\u00bb{}\u00bb]<\/p>\n<h2>PROYECTOS DE INVERSI\u00d3N EN CURSO<\/h2>\n<p>[\/et_pb_text][et_pb_divider color=\u00bb#cccccc\u00bb divider_weight=\u00bb1px\u00bb _builder_version=\u00bb4.16&#8243; _module_preset=\u00bbdefault\u00bb z_index=\u00bb1&#8243; width=\u00bb250px\u00bb module_alignment=\u00bbcenter\u00bb global_colors_info=\u00bb{}\u00bb][\/et_pb_divider][et_pb_divider divider_weight=\u00bb4px\u00bb _builder_version=\u00bb4.16&#8243; _module_preset=\u00bbdefault\u00bb z_index=\u00bb1&#8243; width=\u00bb95px\u00bb module_alignment=\u00bbcenter\u00bb custom_margin=\u00bb-54px||||false|false\u00bb custom_padding=\u00bb0px||||false|false\u00bb global_colors_info=\u00bb{}\u00bb][\/et_pb_divider][\/et_pb_column][\/et_pb_row][\/et_pb_section][et_pb_section fb_built=\u00bb1&#8243; _builder_version=\u00bb4.16&#8243; _module_preset=\u00bbdefault\u00bb custom_padding=\u00bb0px||0px||true|false\u00bb global_colors_info=\u00bb{}\u00bb][et_pb_row _builder_version=\u00bb4.16&#8243; _module_preset=\u00bbdefault\u00bb global_colors_info=\u00bb{}\u00bb][et_pb_column type=\u00bb4_4&#8243; _builder_version=\u00bb4.16&#8243; _module_preset=\u00bbdefault\u00bb global_colors_info=\u00bb{}\u00bb][et_pb_text _builder_version=\u00bb4.18.1&#8243; _module_preset=\u00bbdefault\u00bb header_font=\u00bb||||||||\u00bb header_3_font=\u00bbMontserrat|300|||||||\u00bb header_3_text_color=\u00bb#6caf3f\u00bb header_3_font_size=\u00bb26px\u00bb global_colors_info=\u00bb{}\u00bb]<\/p>\n<h3>Proyecto<\/h3>\n<h3>EXPORPL\u00c1S &#8211; COVID-19<\/h3>\n<p>[\/et_pb_text][et_pb_button button_text=\u00bbSABER M\u00c1S\u00bb module_class=\u00bbrv_button closed\u00bb _builder_version=\u00bb4.18.1&#8243; _module_preset=\u00bbdefault\u00bb custom_button=\u00bbon\u00bb button_text_size=\u00bb14px\u00bb button_text_color=\u00bb#6caf3f\u00bb button_border_width=\u00bb0px\u00bb button_font=\u00bbMontserrat||||||||\u00bb button_icon=\u00bb&#x33;||divi||400&#8243; button_icon_placement=\u00bbleft\u00bb button_on_hover=\u00bboff\u00bb global_colors_info=\u00bb{}\u00bb][\/et_pb_button][\/et_pb_column][\/et_pb_row][et_pb_row module_id=\u00bbreveal\u00bb _builder_version=\u00bb4.16&#8243; _module_preset=\u00bbdefault\u00bb global_colors_info=\u00bb{}\u00bb][et_pb_column type=\u00bb4_4&#8243; _builder_version=\u00bb4.16&#8243; _module_preset=\u00bbdefault\u00bb global_colors_info=\u00bb{}\u00bb][et_pb_blurb image=\u00bbhttps:\/\/exporplas.pt\/wp-content\/uploads\/2021\/03\/POCentro_PT2020_FEDER_Bom.jpg\u00bb _builder_version=\u00bb4.16&#8243; _module_preset=\u00bbdefault\u00bb body_font=\u00bb||||||||\u00bb body_font_size=\u00bb17px\u00bb global_colors_info=\u00bb{}\u00bb]<\/p>\n<p>Designaci\u00f3n del proyecto | EXPORPL\u00c1S &#8211; COVID-19 C\u00f3digo del proyecto | CENTRO-02-0889-FEDER-060593 Objetivo principal | Fortalecer la Competitividad de las PyMEs de la Regi\u00f3n de Intervenci\u00f3n | CENTRO Entidad beneficiaria | EXPORPL\u00c1S &#8211; IND\u00daSTRIA DE EXPORTA\u00c7\u00c3O DE PLASTICOS, SA Fecha de aprobaci\u00f3n | 2020-07-24 Fecha de inicio | 2020-05-25 Fecha de finalizaci\u00f3n | 2020-11-15 Coste total subvencionable | 6.547,50 \u20ac Apoyo financiero de la Uni\u00f3n Europea | FEDER 3.237,75 \u20ac Resumen del proyecto: Este proyecto tiene como objetivo mejorar la organizaci\u00f3n de la empresa, en lo que respecta a las medidas de control de la Pandemia COVID-19, concretamente la adquisici\u00f3n de equipos de control.<\/p>\n<p>[\/et_pb_blurb][et_pb_code _builder_version=\u00bb4.16&#8243; _module_preset=\u00bbdefault\u00bb global_colors_info=\u00bb{}\u00bb]<\/p>\n<style type=\"text\/css\"><!-- [et_pb_line_break_holder] -->.rv_button.closed:after {content:\"\";}<!-- [et_pb_line_break_holder] -->.rv_button.opened:after{content:\"\";}<!-- [et_pb_line_break_holder] --><\/style>\n<p><!-- [et_pb_line_break_holder] --><script type=\"text\/javascript\"><!-- [et_pb_line_break_holder] --> jQuery(document).ready(function() {<!-- [et_pb_line_break_holder] -->\/\/ Hide the div<!-- [et_pb_line_break_holder] -->jQuery('#reveal').hide();<!-- [et_pb_line_break_holder] -->jQuery('.rv_button').click(function(e){<!-- [et_pb_line_break_holder] -->e.preventDefault();jQuery(\"#reveal\").slideToggle();<!-- [et_pb_line_break_holder] -->jQuery('.rv_button').toggleClass('opened closed');<!-- [et_pb_line_break_holder] -->});<!-- [et_pb_line_break_holder] -->});<!-- [et_pb_line_break_holder] --><\/script>[\/et_pb_code][\/et_pb_column][\/et_pb_row][\/et_pb_section][et_pb_section fb_built=\u00bb1&#8243; _builder_version=\u00bb4.16&#8243; _module_preset=\u00bbdefault\u00bb custom_padding=\u00bb0px||0px||true|false\u00bb global_colors_info=\u00bb{}\u00bb][et_pb_row _builder_version=\u00bb4.16&#8243; _module_preset=\u00bbdefault\u00bb global_colors_info=\u00bb{}\u00bb][et_pb_column type=\u00bb4_4&#8243; _builder_version=\u00bb4.16&#8243; _module_preset=\u00bbdefault\u00bb global_colors_info=\u00bb{}\u00bb][et_pb_text _builder_version=\u00bb4.18.1&#8243; _module_preset=\u00bbdefault\u00bb header_3_font=\u00bbMontserrat|300|||||||\u00bb header_3_text_color=\u00bb#6caf3f\u00bb header_3_font_size=\u00bb26px\u00bb global_colors_info=\u00bb{}\u00bb]<\/p>\n<h3>Proyecto<\/h3>\n<h3>EXPORPL\u00c1S &#8211; QUALIFICA\u00c7\u00c3O<\/h3>\n<p>[\/et_pb_text][et_pb_button button_text=\u00bbSABER M\u00c1S\u00bb module_class=\u00bbrv_button1 closed\u00bb _builder_version=\u00bb4.18.1&#8243; _module_preset=\u00bbdefault\u00bb custom_button=\u00bbon\u00bb button_text_size=\u00bb14px\u00bb button_text_color=\u00bb#6caf3f\u00bb button_border_width=\u00bb0px\u00bb button_font=\u00bbMontserrat||||||||\u00bb button_icon=\u00bb&#x33;||divi||400&#8243; button_icon_placement=\u00bbleft\u00bb button_on_hover=\u00bboff\u00bb global_colors_info=\u00bb{}\u00bb][\/et_pb_button][\/et_pb_column][\/et_pb_row][et_pb_row module_id=\u00bbreveal1&#8243; _builder_version=\u00bb4.16&#8243; _module_preset=\u00bbdefault\u00bb global_colors_info=\u00bb{}\u00bb][et_pb_column type=\u00bb4_4&#8243; _builder_version=\u00bb4.16&#8243; _module_preset=\u00bbdefault\u00bb global_colors_info=\u00bb{}\u00bb][et_pb_blurb image=\u00bbhttps:\/\/exporplas.pt\/wp-content\/uploads\/2021\/03\/2020_1.png\u00bb _builder_version=\u00bb4.16&#8243; _module_preset=\u00bbdefault\u00bb body_font_size=\u00bb17px\u00bb global_colors_info=\u00bb{}\u00bb]<\/p>\n<p>PROYECTO No. POCI-02-0853-FEDER-035163 NOMBRE DEL PROYECTO | EXPORPL\u00c1S &#8211; APOYO A LA CALIFICACI\u00d3N BAJO EL SISTEMA DE INCENTIVOS OBJETIVO PRINCIPAL | FORTALECIMIENTO DE LA COMPETITIVIDAD DE LAS PYMES REGI\u00d3N DE INTERVENCI\u00d3N | CENTRO &#8211; CORTAJE. ENTIDAD BENEFICIARIA | EXPORPL\u00c1S IND\u00daSTRIA EXPORTA\u00c7\u00c3O PL\u00c1STICOS S.A. FECHA DE APROBACI\u00d3N | 18-01-2018 FECHA DE INICIO | 01-08-2017 FECHA DE FINALIZACI\u00d3N | 31-12-2018 COSTO TOTAL ELEGIBLE | 765.000,00 \u20ac AYUDA FINANCIERA DE LA UNI\u00d3N EUROPEA | FEDER &#8211; 344.250,00 \u20ac S\u00cdNTESIS DEL PROYECTO: El objetivo principal de este proyecto es fortalecer las capacidades de organizaci\u00f3n y gesti\u00f3n de EXPORPL\u00c1S, contemplando un conjunto de inversiones que incluyen: plataformas que contribuyan al desarrollo de modernas redes de distribuci\u00f3n, equipos log\u00edsticos que contribuyan a una una mejor organizaci\u00f3n y eficiencia de los flujos de trabajo de la Compa\u00f1\u00eda, el refuerzo de las capacidades de los laboratorios de la empresa y la implementaci\u00f3n de un proyecto de transformaci\u00f3n operativa. Los objetivos estrat\u00e9gicos del proyecto son: i) alcanzar una Facturaci\u00f3n cercana a los 48 millones de euros, en el a\u00f1o posterior al proyecto (2019); ii) consolidar su presencia en los mercados internacionales; iii) incrementar el peso de las exportaciones en la facturaci\u00f3n de la Compa\u00f1\u00eda; iv) ser propietario de un laboratorio de I + D debidamente equipado; v) ampliar su gama de productos (monofilamentos polim\u00e9ricos utilizados en la fabricaci\u00f3n de esteras de c\u00e9sped artificial).<\/p>\n<p>[\/et_pb_blurb][et_pb_code _builder_version=\u00bb4.16&#8243; _module_preset=\u00bbdefault\u00bb global_colors_info=\u00bb{}\u00bb]<\/p>\n<style type=\"text\/css\"><!-- [et_pb_line_break_holder] -->.rv_button1.closed:after {content:\"\";}<!-- [et_pb_line_break_holder] -->.rv_button1.opened:after{content:\"\";}<!-- [et_pb_line_break_holder] --><\/style>\n<p><!-- [et_pb_line_break_holder] --><script type=\"text\/javascript\"><!-- [et_pb_line_break_holder] --> jQuery(document).ready(function() {<!-- [et_pb_line_break_holder] -->\/\/ Hide the div<!-- [et_pb_line_break_holder] -->jQuery('#reveal1').hide();<!-- [et_pb_line_break_holder] -->jQuery('.rv_button1').click(function(e){<!-- [et_pb_line_break_holder] -->e.preventDefault();jQuery(\"#reveal1\").slideToggle();<!-- [et_pb_line_break_holder] -->jQuery('.rv_button1').toggleClass('opened closed');<!-- [et_pb_line_break_holder] -->});<!-- [et_pb_line_break_holder] -->});<!-- [et_pb_line_break_holder] --><\/script>[\/et_pb_code][\/et_pb_column][\/et_pb_row][\/et_pb_section][et_pb_section fb_built=\u00bb1&#8243; _builder_version=\u00bb4.16&#8243; _module_preset=\u00bbdefault\u00bb custom_padding=\u00bb0px||0px||true|false\u00bb global_colors_info=\u00bb{}\u00bb][et_pb_row _builder_version=\u00bb4.16&#8243; _module_preset=\u00bbdefault\u00bb global_colors_info=\u00bb{}\u00bb][et_pb_column type=\u00bb4_4&#8243; _builder_version=\u00bb4.16&#8243; _module_preset=\u00bbdefault\u00bb global_colors_info=\u00bb{}\u00bb][et_pb_text _builder_version=\u00bb4.18.1&#8243; _module_preset=\u00bbdefault\u00bb header_3_font=\u00bbMontserrat|300|||||||\u00bb header_3_text_color=\u00bb#6caf3f\u00bb header_3_font_size=\u00bb26px\u00bb global_colors_info=\u00bb{}\u00bb]<\/p>\n<h3>Proyecto\u00a0INOVGRASS<\/h3>\n<p>[\/et_pb_text][et_pb_button button_text=\u00bbSABER M\u00c1S\u00bb module_class=\u00bbrv_button2 closed\u00bb _builder_version=\u00bb4.18.1&#8243; _module_preset=\u00bbdefault\u00bb custom_button=\u00bbon\u00bb button_text_size=\u00bb14px\u00bb button_text_color=\u00bb#6caf3f\u00bb button_border_width=\u00bb0px\u00bb button_font=\u00bbMontserrat||||||||\u00bb button_icon=\u00bb&#x33;||divi||400&#8243; button_icon_placement=\u00bbleft\u00bb button_on_hover=\u00bboff\u00bb global_colors_info=\u00bb{}\u00bb][\/et_pb_button][\/et_pb_column][\/et_pb_row][et_pb_row module_id=\u00bbreveal2&#8243; _builder_version=\u00bb4.16&#8243; _module_preset=\u00bbdefault\u00bb global_colors_info=\u00bb{}\u00bb][et_pb_column type=\u00bb4_4&#8243; _builder_version=\u00bb4.16&#8243; _module_preset=\u00bbdefault\u00bb global_colors_info=\u00bb{}\u00bb][et_pb_blurb image=\u00bbhttps:\/\/exporplas.pt\/wp-content\/uploads\/2021\/03\/2020_1.png\u00bb _builder_version=\u00bb4.16&#8243; _module_preset=\u00bbdefault\u00bb body_font_size=\u00bb17px\u00bb global_colors_info=\u00bb{}\u00bb]<\/p>\n<p>C\u00f3digo de Proyecto: POCI-02-0853-FEDER-000594 PROYECTO INOVGRASS Objetivo principal: Producci\u00f3n de nuevos monofilamentos polim\u00e9ricos utilizados en la fabricaci\u00f3n de tapetes de c\u00e9sped artificial. Regi\u00f3n de intervenci\u00f3n: Norte Entidad beneficiaria: Ind\u00fastria de Exporta\u00e7\u00e3o de Pl\u00e1sticos, SA Importe subvencionable: 3.599.617,23 Euros Apoyo financiero de la UE (FEDER): 1.799.808,62 Euros Proyecto de inversi\u00f3n: En curso en la empresa o Proyecto de Inversi\u00f3n INOVGRASS, objeto de aplicaci\u00f3n a la Portugal 2020 Sistema de incentivos. Este es un proyecto aprobado en el \u00e1mbito de la Innovaci\u00f3n Productiva. El proyecto tiene como objetivo producir nuevos monofilamentos polim\u00e9ricos utilizados en la fabricaci\u00f3n de esteras de c\u00e9sped artificial. Los objetivos del proyecto son complementar la gama de productos que ofrece la empresa en el segmento de c\u00e9sped sint\u00e9tico y as\u00ed asumir una posici\u00f3n de liderazgo en el mercado global. Este proyecto tiene como objetivo optimizar y controlar los procesos, mejorar la informaci\u00f3n de gesti\u00f3n y aumentar la asertividad de los recursos utilizados.<\/p>\n<p>[\/et_pb_blurb][et_pb_code _builder_version=\u00bb4.16&#8243; _module_preset=\u00bbdefault\u00bb global_colors_info=\u00bb{}\u00bb]<\/p>\n<style type=\"text\/css\"><!-- [et_pb_line_break_holder] -->.rv_button2.closed:after {content:\"\";}<!-- [et_pb_line_break_holder] -->.rv_button2.opened:after{content:\"\";}<!-- [et_pb_line_break_holder] --><\/style>\n<p><!-- [et_pb_line_break_holder] --><script type=\"text\/javascript\"><!-- [et_pb_line_break_holder] --> jQuery(document).ready(function() {<!-- [et_pb_line_break_holder] -->\/\/ Hide the div<!-- [et_pb_line_break_holder] -->jQuery('#reveal2').hide();<!-- [et_pb_line_break_holder] -->jQuery('.rv_button2').click(function(e){<!-- [et_pb_line_break_holder] -->e.preventDefault();jQuery(\"#reveal2\").slideToggle();<!-- [et_pb_line_break_holder] -->jQuery('.rv_button2').toggleClass('opened closed');<!-- [et_pb_line_break_holder] -->});<!-- [et_pb_line_break_holder] -->});<!-- [et_pb_line_break_holder] --><\/script>[\/et_pb_code][\/et_pb_column][\/et_pb_row][\/et_pb_section][et_pb_section fb_built=\u00bb1&#8243; _builder_version=\u00bb4.16&#8243; _module_preset=\u00bbdefault\u00bb custom_padding=\u00bb0px||0px||true|false\u00bb global_colors_info=\u00bb{}\u00bb][et_pb_row _builder_version=\u00bb4.16&#8243; _module_preset=\u00bbdefault\u00bb global_colors_info=\u00bb{}\u00bb][et_pb_column type=\u00bb4_4&#8243; _builder_version=\u00bb4.16&#8243; _module_preset=\u00bbdefault\u00bb global_colors_info=\u00bb{}\u00bb][et_pb_text _builder_version=\u00bb4.18.1&#8243; _module_preset=\u00bbdefault\u00bb header_3_font=\u00bbMontserrat|300|||||||\u00bb header_3_text_color=\u00bb#6caf3f\u00bb header_3_font_size=\u00bb26px\u00bb global_colors_info=\u00bb{}\u00bb]<\/p>\n<h3>Proyecto\u00a0TECH GRASS<\/h3>\n<p>[\/et_pb_text][et_pb_button button_text=\u00bbSABER M\u00c1S\u00bb module_class=\u00bbrv_button3 closed\u00bb _builder_version=\u00bb4.18.1&#8243; _module_preset=\u00bbdefault\u00bb custom_button=\u00bbon\u00bb button_text_size=\u00bb14px\u00bb button_text_color=\u00bb#6caf3f\u00bb button_border_width=\u00bb0px\u00bb button_font=\u00bbMontserrat||||||||\u00bb button_icon=\u00bb&#x33;||divi||400&#8243; button_icon_placement=\u00bbleft\u00bb button_on_hover=\u00bboff\u00bb global_colors_info=\u00bb{}\u00bb][\/et_pb_button][\/et_pb_column][\/et_pb_row][et_pb_row module_id=\u00bbreveal3&#8243; _builder_version=\u00bb4.16&#8243; _module_preset=\u00bbdefault\u00bb global_colors_info=\u00bb{}\u00bb][et_pb_column type=\u00bb4_4&#8243; _builder_version=\u00bb4.16&#8243; _module_preset=\u00bbdefault\u00bb global_colors_info=\u00bb{}\u00bb][et_pb_blurb image=\u00bbhttps:\/\/exporplas.pt\/wp-content\/uploads\/2021\/03\/POCentro_PT2020_FEDER_Bom.jpg\u00bb _builder_version=\u00bb4.18.1&#8243; _module_preset=\u00bbdefault\u00bb body_font_size=\u00bb17px\u00bb hover_enabled=\u00bb0&#8243; global_colors_info=\u00bb{}\u00bb sticky_enabled=\u00bb0&#8243;]<\/p>\n<div class=\"FFpbKc\">\n<div class=\"ZTPlmc\">Designaci\u00f3n del proyecto | TECH GRASS C\u00f3digo del proyecto | CENTRO-02-0853-FEDER-044821 Objetivo principal | Fortalecer la Competitividad de las PyMEs de la Regi\u00f3n de Intervenci\u00f3n | CENTRO Entidad beneficiaria | EXPORPL\u00c1S &#8211; IND\u00daSTRIA DE EXPORTA\u00c7\u00c3O DE PLASTICOS, SA Fecha de aprobaci\u00f3n | 2019-07-03 Fecha de inicio | 2019-03-20 Fecha de finalizaci\u00f3n | 2022-12-30 Coste subvencionable total | 2.854.249,05 \u20ac Apoyo financiero de la Uni\u00f3n Europea | FEDER 828.652,95 \u20ac Resumen del proyecto: Este proyecto tiene como objetivo fortalecer la capacidad de producci\u00f3n de monofilamentos lineales de polietileno de baja densidad (LLDPE) para la fabricaci\u00f3n de c\u00e9sped artificial y aumentar la eficiencia en el uso de los recursos, reafirmando cada vez m\u00e1s el perfil innovador y vocaci\u00f3n internacional de EXPORPL\u00c1S.<\/div>\n<\/div>\n<p>[\/et_pb_blurb][et_pb_code _builder_version=\u00bb4.16&#8243; _module_preset=\u00bbdefault\u00bb global_colors_info=\u00bb{}\u00bb]<\/p>\n<style type=\"text\/css\"><!-- [et_pb_line_break_holder] -->.rv_button3.closed:after {content:\"\";}<!-- [et_pb_line_break_holder] -->.rv_button3.opened:after{content:\"\";}<!-- [et_pb_line_break_holder] --><\/style>\n<p><!-- [et_pb_line_break_holder] --><script type=\"text\/javascript\"><!-- [et_pb_line_break_holder] --> jQuery(document).ready(function() {<!-- [et_pb_line_break_holder] -->\/\/ Hide the div<!-- [et_pb_line_break_holder] -->jQuery('#reveal3').hide();<!-- [et_pb_line_break_holder] -->jQuery('.rv_button3').click(function(e){<!-- [et_pb_line_break_holder] -->e.preventDefault();jQuery(\"#reveal3\").slideToggle();<!-- [et_pb_line_break_holder] -->jQuery('.rv_button3').toggleClass('opened closed');<!-- [et_pb_line_break_holder] -->});<!-- [et_pb_line_break_holder] -->});<!-- [et_pb_line_break_holder] --><\/script>[\/et_pb_code][\/et_pb_column][\/et_pb_row][\/et_pb_section][et_pb_section fb_built=\u00bb1&#8243; _builder_version=\u00bb4.16&#8243; _module_preset=\u00bbdefault\u00bb custom_margin=\u00bb||50px||false|false\u00bb custom_margin_tablet=\u00bb||180px||false|false\u00bb custom_margin_phone=\u00bb||170px||false|false\u00bb custom_margin_last_edited=\u00bbon|phone\u00bb custom_padding=\u00bb0px||0px||true|false\u00bb global_colors_info=\u00bb{}\u00bb][et_pb_row _builder_version=\u00bb4.16&#8243; _module_preset=\u00bbdefault\u00bb global_colors_info=\u00bb{}\u00bb][et_pb_column type=\u00bb4_4&#8243; _builder_version=\u00bb4.16&#8243; _module_preset=\u00bbdefault\u00bb global_colors_info=\u00bb{}\u00bb][et_pb_text _builder_version=\u00bb4.18.1&#8243; _module_preset=\u00bbdefault\u00bb header_3_font=\u00bbMontserrat|300|||||||\u00bb header_3_text_color=\u00bb#6caf3f\u00bb header_3_font_size=\u00bb26px\u00bb global_colors_info=\u00bb{}\u00bb]<\/p>\n<h3>Proyecto\u00a0NG_TPfib<\/h3>\n<p>[\/et_pb_text][et_pb_button button_text=\u00bbSABER M\u00c1S\u00bb module_class=\u00bbrv_button4 closed\u00bb _builder_version=\u00bb4.18.1&#8243; _module_preset=\u00bbdefault\u00bb custom_button=\u00bbon\u00bb button_text_size=\u00bb14px\u00bb button_text_color=\u00bb#6caf3f\u00bb button_border_width=\u00bb0px\u00bb button_font=\u00bbMontserrat||||||||\u00bb button_icon=\u00bb&#x33;||divi||400&#8243; button_icon_placement=\u00bbleft\u00bb button_on_hover=\u00bboff\u00bb global_colors_info=\u00bb{}\u00bb][\/et_pb_button][\/et_pb_column][\/et_pb_row][et_pb_row module_id=\u00bbreveal4&#8243; _builder_version=\u00bb4.16&#8243; _module_preset=\u00bbdefault\u00bb global_colors_info=\u00bb{}\u00bb][et_pb_column type=\u00bb4_4&#8243; _builder_version=\u00bb4.16&#8243; _module_preset=\u00bbdefault\u00bb global_colors_info=\u00bb{}\u00bb][et_pb_blurb image=\u00bbhttps:\/\/exporplas.pt\/wp-content\/uploads\/2021\/03\/2020_1.png\u00bb _builder_version=\u00bb4.16&#8243; _module_preset=\u00bbdefault\u00bb body_font_size=\u00bb17px\u00bb global_colors_info=\u00bb{}\u00bb]<\/p>\n<p>ACR\u00d3NIMO DEL PROYECTO: NG_TPfib T\u00cdTULO DEL PROYECTO: Nueva generaci\u00f3n de fibras para el refuerzo de materiales de matriz cementosa N\u00daMERO DE PROYECTO: 033719 DURACI\u00d3N DEL PROYECTO: 36 meses FECHA DE INICIO DEL PROYECTO: 1 de julio de 2018<\/p>\n<p>[\/et_pb_blurb][et_pb_code _builder_version=\u00bb4.16&#8243; _module_preset=\u00bbdefault\u00bb global_colors_info=\u00bb{}\u00bb]<pee>\n<style type=\"text\/css\"><!-- [et_pb_line_break_holder] -->.rv_button4.closed:after {content:\"\";}<!-- [et_pb_line_break_holder] -->.rv_button4.opened:after{content:\"\";}<!-- [et_pb_line_break_holder] --><\/style>\n<\/pee>\n<!-- [et_pb_line_break_holder] -->\n<pee><script type=\"text\/javascript\"><!-- [et_pb_line_break_holder] --> jQuery(document).ready(function() {<!-- [et_pb_line_break_holder] -->\/\/ Hide the div<!-- [et_pb_line_break_holder] -->jQuery('#reveal4').hide();<!-- [et_pb_line_break_holder] -->jQuery('.rv_button4').click(function(e){<!-- [et_pb_line_break_holder] -->e.preventDefault();jQuery(\"#reveal4\").slideToggle();<!-- [et_pb_line_break_holder] -->jQuery('.rv_button4').toggleClass('opened closed');<!-- [et_pb_line_break_holder] -->});<!-- [et_pb_line_break_holder] -->});<!-- [et_pb_line_break_holder] --><\/script><\/pee>[\/et_pb_code][\/et_pb_column][\/et_pb_row][\/et_pb_section]<\/p>\n","protected":false},"excerpt":{"rendered":"<p>PROYECTOS DE INVERSI\u00d3N EN CURSOProyecto EXPORPL\u00c1S &#8211; COVID-19Designaci\u00f3n del proyecto | EXPORPL\u00c1S &#8211; COVID-19 C\u00f3digo del proyecto | CENTRO-02-0889-FEDER-060593 Objetivo principal | Fortalecer la Competitividad de las PyMEs de la Regi\u00f3n de Intervenci\u00f3n | CENTRO Entidad beneficiaria | EXPORPL\u00c1S &#8211; IND\u00daSTRIA DE EXPORTA\u00c7\u00c3O DE PLASTICOS, SA Fecha de aprobaci\u00f3n | 2020-07-24 Fecha de inicio | 2020-05-25 Fecha de finalizaci\u00f3n | 2020-11-15 Coste total subvencionable | 6.547,50 \u20ac Apoyo financiero de la Uni\u00f3n Europea | FEDER 3.237,75 \u20ac Resumen del proyecto: Este proyecto tiene como objetivo mejorar la organizaci\u00f3n de la empresa, en lo que respecta a las medidas de control de la Pandemia COVID-19, concretamente la adquisici\u00f3n de equipos de control.Proyecto EXPORPL\u00c1S &#8211; QUALIFICA\u00c7\u00c3OPROYECTO No. POCI-02-0853-FEDER-035163 NOMBRE DEL PROYECTO | EXPORPL\u00c1S &#8211; APOYO A LA CALIFICACI\u00d3N BAJO EL SISTEMA DE INCENTIVOS OBJETIVO PRINCIPAL | FORTALECIMIENTO DE LA COMPETITIVIDAD DE LAS PYMES REGI\u00d3N DE INTERVENCI\u00d3N | CENTRO &#8211; CORTAJE. ENTIDAD BENEFICIARIA | EXPORPL\u00c1S IND\u00daSTRIA EXPORTA\u00c7\u00c3O PL\u00c1STICOS S.A. FECHA DE APROBACI\u00d3N | 18-01-2018 FECHA DE INICIO | 01-08-2017 FECHA DE FINALIZACI\u00d3N | 31-12-2018 COSTO TOTAL ELEGIBLE | 765.000,00 \u20ac AYUDA FINANCIERA DE LA UNI\u00d3N EUROPEA | FEDER &#8211; 344.250,00 \u20ac S\u00cdNTESIS DEL PROYECTO: El objetivo principal de este proyecto es fortalecer las [&hellip;]<\/p>\n","protected":false},"author":0,"featured_media":0,"parent":0,"menu_order":0,"comment_status":"closed","ping_status":"closed","template":"","meta":{"_et_pb_use_builder":"on","_et_pb_old_content":"","_et_gb_content_width":"","footnotes":""},"class_list":["post-225840","page","type-page","status-publish","hentry"],"_links":{"self":[{"href":"https:\/\/exporplas.pt\/es\/wp-json\/wp\/v2\/pages\/225840","targetHints":{"allow":["GET"]}}],"collection":[{"href":"https:\/\/exporplas.pt\/es\/wp-json\/wp\/v2\/pages"}],"about":[{"href":"https:\/\/exporplas.pt\/es\/wp-json\/wp\/v2\/types\/page"}],"replies":[{"embeddable":true,"href":"https:\/\/exporplas.pt\/es\/wp-json\/wp\/v2\/comments?post=225840"}],"version-history":[{"count":0,"href":"https:\/\/exporplas.pt\/es\/wp-json\/wp\/v2\/pages\/225840\/revisions"}],"wp:attachment":[{"href":"https:\/\/exporplas.pt\/es\/wp-json\/wp\/v2\/media?parent=225840"}],"curies":[{"name":"wp","href":"https:\/\/api.w.org\/{rel}","templated":true}]}}